{"id":2561,"date":"2022-03-11T14:04:18","date_gmt":"2022-03-11T13:04:18","guid":{"rendered":"https:\/\/bienvenue.bretagne.bzh\/?post_type=temoignage&#038;p=2561"},"modified":"2022-03-11T14:04:19","modified_gmt":"2022-03-11T13:04:19","slug":"daniel-manzoni-de-almeida-sante-publique-education-scientifique","status":"publish","type":"temoignage","link":"https:\/\/bienvenue.bretagne.bzh\/fr\/temoignage\/daniel-manzoni-de-almeida-sante-publique-education-scientifique\/","title":{"rendered":"Daniel Manzoni de Almeida, travaille sur la sant\u00e9 publique et l&rsquo;\u00e9ducation scientifique"},"content":{"rendered":"\n<section class=\"block-contenu pt-4\">\n    <div class=\"container text font-WorkSansLight\"><p>Daniel Manzoni de Almeida est un chercheur avec un parcours interdisciplinaire, qui commence son projet \u00ab\u00a0HETEaching\u00a0\u00bb au <a href=\"https:\/\/www.cread-bretagne.fr\/en\/presentation\/\">laboratoire CREAD<\/a> de l&rsquo;<a href=\"https:\/\/bienvenue.bretagne.bzh\/partner-institutions\/universite-de-bretagne-occidentale\/\">Universit\u00e9 de Bretagne Occidentale<\/a> en janvier 2022. Il travaille sur la didactique des sciences et la vaccination.<\/p>\n<p><strong>Equipe BIENVEN\u00dcE\u00a0: Qu&rsquo;avez-vous fait jusqu&rsquo;\u00e0 pr\u00e9sent ? Comment avez-vous commenc\u00e9 \u00e0 vous int\u00e9resser \u00e0 vos th\u00e8mes de recherche ?<\/strong><\/p>\n<p>Daniel Manzoni de Almeida\u00a0: J&rsquo;ai une formation universitaire interdisciplinaire en sciences et en sciences humaines. Au Br\u00e9sil, j&rsquo;ai \u00e9t\u00e9 professeur d&rsquo;universit\u00e9 et chercheur dans le domaine de la sant\u00e9, en particulier en immunologie et ses m\u00e9thodes d&rsquo;enseignement. Depuis l&rsquo;enfance, je suis motiv\u00e9 parce que je vis dans un monde multiculturel et diversifi\u00e9, car je suis homosexuel, enfant d&rsquo;immigr\u00e9s et j&rsquo;ai \u00e9tudi\u00e9 gr\u00e2ce aux opportunit\u00e9s des politiques publiques qui existaient dans mon pays pour encourager l&rsquo;\u00e9ducation et la science. En d&rsquo;autres termes, je sais ce que c&rsquo;est que de vivre dans un monde o\u00f9 les in\u00e9galit\u00e9s sociales sont pr\u00e9sentes et je suis conscient de ma responsabilit\u00e9 sociale quant \u00e0 l&rsquo;importance du multiculturalisme dans l&rsquo;\u00e9ducation et la science.<\/p>\n<p>Ainsi, je comprends que la valorisation de la diversit\u00e9 des corps et des esprits est une voie tr\u00e8s importante pour un d\u00e9veloppement humain sain dans le monde. Depuis lors, j&rsquo;ai essay\u00e9 d&rsquo;associer d&rsquo;une mani\u00e8re ou d&rsquo;une autre les questions de diversit\u00e9 et d&rsquo;inclusion des personnes aux questions de sant\u00e9. Mon d\u00e9fi professionnel consiste \u00e0 inclure des personnes et des id\u00e9es diff\u00e9rentes en m&rsquo;engageant pour la culture scientifique.<\/p>\n<p><strong>Pouvez-vous expliquer en quelques mots le projet HETEaching &#8211; Health Education Teaching ?<\/strong><\/p>\n<p>Il y a un probl\u00e8me tr\u00e8s s\u00e9rieux dans le monde qui est la vaccination et la sant\u00e9 publique. Les vaccins sauvent des vies et la vaccination est un acte politique et citoyen de sant\u00e9 collective et cela n\u00e9cessite un processus d&rsquo;\u00e9ducation tr\u00e8s important. Avec la pand\u00e9mie de COVID-19, cette question est devenue encore plus \u00e9vidente. Le Covid est la maladie qui nous a \u00e9loign\u00e9s de la vie dans les espaces publics dans le monde entier. La vaccination est le seul moyen de nous permettre de nous retrouver en toute s\u00e9curit\u00e9 et de revenir \u00e0 la normale. Chaque jour, nous sommes envahis par des vagues de fausses nouvelles et les vaccins ne peuvent y \u00e9chapper.<\/p>\n<p>De plus, le mouvement des personnes qui s&rsquo;opposent \u00e0 la vaccination s&rsquo;est d\u00e9velopp\u00e9 dans le monde entier. C&rsquo;est tr\u00e8s inqui\u00e9tant, car nous savons que gr\u00e2ce aux programmes de vaccination, divers types de maladies ont \u00e9t\u00e9 contr\u00f4l\u00e9s dans le monde et \u00e9radiqu\u00e9s, par exemple la variole qui a tu\u00e9 des millions de personnes au Moyen \u00c2ge. Cependant, avec le mouvement anti-vaccins, <a href=\"https:\/\/time.com\/27308\/4-diseases-making-a-comeback-thanks-to-anti-vaxxers\/\">certaines maladies sont r\u00e9apparues dans le monde<\/a>. Nous ne pourrons vaincre la pand\u00e9mie du covid-19 que par la vaccination et l&rsquo;\u00e9ducation scientifique de la population qui peut placer la soci\u00e9t\u00e9 dans une participation constante aux d\u00e9bats scientifiques et une compr\u00e9hension de l&rsquo;importance de la science dans la prise de d\u00e9cision d\u00e9mocratique quotidienne. Ainsi, notre question \u00e9tait : comment pouvons-nous, par le biais de l&rsquo;\u00e9ducation scientifique, comprendre et travailler \u00e0 faire participer la population \u00e0 la vaccination ?<\/p>\n<p>Ainsi, HETEaching vise \u00e0 construire un mod\u00e8le d&rsquo;\u00e9ducation scientifique pour cette compr\u00e9hension et cette prise de d\u00e9cision pour s&rsquo;engager dans la vaccination \u00e0 travers la formation des enseignants de l&rsquo;\u00e9ducation de base. Dans notre projet, nous allons travailler avec la formation des professeurs et des \u00e9l\u00e8ves des \u00e9coles de Brest, \u00e0 partir de leurs r\u00e9alit\u00e9s, avec le th\u00e8me de la vaccination dans leurs classes. Nous esp\u00e9rons comprendre quelles sont les connaissances scientifiques des \u00e9tudiants et des professeurs sur les vaccins et comment valoriser ces connaissances pour les diffuser et renforcer l&rsquo;engagement de la population pour la vaccination. Il s&rsquo;agit d&rsquo;un projet qui allie science, \u00e9ducation, politique et d\u00e9veloppement humain.<\/p>\n<p><strong>Pourquoi avez-vous choisi de venir en Bretagne ?<\/strong><\/p>\n<p>La Professeure Patricia Marzin-Janvier et moi collaborons depuis pr\u00e8s de 10 ans \u00e0 travers des publications conjointes d&rsquo;articles, de projets et d&rsquo;encadrement de th\u00e8ses. Cela fait quelques ann\u00e9es que Prof. Patricia est devenue professeure titulaire d&rsquo;enseignement de la biologie au CREAD-UBO et j&rsquo;avais envie de venir vivre en France, de nous rapprocher et de valoriser notre travail dans l&rsquo;enseignement des sciences. Ainsi, l&rsquo;opportunit\u00e9 du programme BIENVEN\u00dcE a permis de concr\u00e9tiser ce d\u00e9sir de travailler avec la formation des enseignants fran\u00e7ais, en construisant des connaissances scientifiques en Bretagne. Je pense que mon exp\u00e9rience et notre projet peuvent contribuer de mani\u00e8re significative au d\u00e9veloppement attendu de la r\u00e9gion.<\/p>\n<p><strong>Quelle est votre motivation dans votre recherche ?<\/strong><\/p>\n<p>Ce qui me motive dans mes recherches, c&rsquo;est la possibilit\u00e9 de changer les r\u00e9alit\u00e9s des lieux et des personnes par l&rsquo;\u00e9ducation et la science. Ce qui m&rsquo;int\u00e9resse le plus, c&rsquo;est de travailler sur la diversit\u00e9, le multiculturalisme et l&rsquo;inclusion des personnes et de leurs id\u00e9es par le biais de la culture scientifique afin d&rsquo;am\u00e9liorer la sant\u00e9 dans le monde. Je pense qu&rsquo;un d\u00e9veloppement humain efficace est possible lorsque nous comprenons et travaillons avec tout le potentiel de la diversit\u00e9 et des cultures des personnes dans le monde. Le monde est divers et c&rsquo;est un potentiel qui doit \u00eatre respect\u00e9 pour une soci\u00e9t\u00e9 plus d\u00e9mocratique, plus consciente de uns et des autres et plus saine.<\/p>\n<p><strong>Avez-vous une recommandation pour un lecteur curieux de conna\u00eetre davantage vos th\u00e8mes de recherche ?<\/strong><\/p>\n<p>Le th\u00e8me d&rsquo;HETEachi est un Enseignement d&rsquo;Immunologie destin\u00e9 \u00e0 la soci\u00e9t\u00e9 en g\u00e9n\u00e9ral, c&rsquo;est-\u00e0-dire une \u00e9ducation scientifique pour l&rsquo;exercice de la citoyennet\u00e9. Ces derni\u00e8res ann\u00e9es, nous avons travaill\u00e9 dans ce sens. Ainsi, les personnes int\u00e9ress\u00e9es peuvent acc\u00e9der \u00e0 un ebook que nous avons produit cette ann\u00e9e au Br\u00e9sil. Il s&rsquo;agit d&rsquo;un ebook bilingue (en portugais et en anglais) sur l&rsquo;enseignement de l&rsquo;immunologie, \u201cImmunology in the classroom: teaching sequences\u201c qui contient plusieurs propositions de s\u00e9quences d&rsquo;enseignement sur ce th\u00e8me. Ce livre est n\u00e9 de la composition des id\u00e9es des professeurs et chercheurs en immunologie, de mani\u00e8re d\u00e9mocratique et cr\u00e9ative, pour leurs classes.<\/p>\n<p>L&rsquo;ebook est disponible sur les pages de l&rsquo;\u00a0\u00bb<a href=\"https:\/\/iuis.org\/educational-websites\/\">International Union of Immunological Societies<\/a>\u00a0\u00bb (IUIS) et de \u00ab\u00a0<a href=\"https:\/\/zenodo.org\/record\/5545819#.YiXM8_lKg2z\">Editora na Raiz<\/a>\u00a0\u00bb (Br\u00e9sil).<\/p>\n<p>Je recommande \u00e9galement la lecture des ouvrages de <a href=\"https:\/\/fr.wikipedia.org\/wiki\/Paulo_Freire\">Paulo Freire<\/a>, essentiels pour comprendre les fondements \u00e9ducatifs et philosophiques &#8211; la p\u00e9dagogie critique &#8211; de notre projet \u00ab\u00a0P\u00e9dagogie des opprim\u00e9s\u00a0\u00bb (1968) et \u00ab\u00a0Une p\u00e9dagogie de la libert\u00e9\u00a0\u00bb (1996). Paulo Freire \u00e9tait un penseur br\u00e9silien qui a construit toute son \u0153uvre en visant une \u00e9ducation humanitaire, critique, pour le d\u00e9veloppement de l&rsquo;autonomie de pens\u00e9e des \u00e9l\u00e8ves, lib\u00e9ratrice, valorisant la diversit\u00e9 humaine et centr\u00e9e sur le plein d\u00e9veloppement de la citoyennet\u00e9. Je suis le r\u00e9sultat des principes d&rsquo;une \u00e9ducation structur\u00e9e dans la pens\u00e9e de Paulo Freire.<\/p>\n<p>Merci Daniel\u00a0!<\/p>\n<\/div>\n<\/section>","protected":false},"excerpt":{"rendered":"","protected":false},"featured_media":2343,"template":"","class_list":["post-2561","temoignage","type-temoignage","status-publish","has-post-thumbnail","hentry"],"acf":[],"yoast_head":"<!-- This site is optimized with the Yoast SEO plugin v26.0 - https:\/\/yoast.com\/wordpress\/plugins\/seo\/ -->\n<title>Daniel Manzoni de Almeida, travaille sur la sant\u00e9 publique et l&#039;\u00e9ducation scientifique &#183; BIENVEN\u00dcE<\/title>\n<meta name=\"robots\" content=\"index, follow, max-snippet:-1, max-image-preview:large, max-video-preview:-1\" \/>\n<link rel=\"canonical\" href=\"https:\/\/msca-bienvenue.bretagne.bzh\/temoignage\/daniel-manzoni-de-almeida\/\" \/>\n<meta property=\"og:locale\" content=\"fr_FR\" \/>\n<meta property=\"og:type\" content=\"article\" \/>\n<meta property=\"og:title\" content=\"Daniel Manzoni de Almeida, travaille sur la sant\u00e9 publique et l&#039;\u00e9ducation scientifique &#183; BIENVEN\u00dcE\" \/>\n<meta property=\"og:url\" content=\"https:\/\/msca-bienvenue.bretagne.bzh\/temoignage\/daniel-manzoni-de-almeida\/\" \/>\n<meta property=\"og:site_name\" content=\"BIENVEN\u00dcE\" \/>\n<meta property=\"article:modified_time\" content=\"2022-03-11T13:04:19+00:00\" \/>\n<meta property=\"og:image\" content=\"https:\/\/msca-bienvenue.bretagne.bzh\/app\/uploads\/2021\/11\/Daniel-Manzoni-de-Almeida.png\" \/>\n\t<meta property=\"og:image:width\" content=\"720\" \/>\n\t<meta property=\"og:image:height\" content=\"810\" \/>\n\t<meta property=\"og:image:type\" content=\"image\/png\" \/>\n<meta name=\"twitter:card\" content=\"summary_large_image\" \/>\n<script type=\"application\/ld+json\" class=\"yoast-schema-graph\">{\"@context\":\"https:\/\/schema.org\",\"@graph\":[{\"@type\":\"WebPage\",\"@id\":\"https:\/\/msca-bienvenue.bretagne.bzh\/temoignage\/daniel-manzoni-de-almeida\/\",\"url\":\"https:\/\/msca-bienvenue.bretagne.bzh\/temoignage\/daniel-manzoni-de-almeida\/\",\"name\":\"Daniel Manzoni de Almeida, travaille sur la sant\u00e9 publique et l'\u00e9ducation scientifique &#183; BIENVEN\u00dcE\",\"isPartOf\":{\"@id\":\"https:\/\/msca-bienvenue.bretagne.bzh\/#website\"},\"primaryImageOfPage\":{\"@id\":\"https:\/\/msca-bienvenue.bretagne.bzh\/temoignage\/daniel-manzoni-de-almeida\/#primaryimage\"},\"image\":{\"@id\":\"https:\/\/msca-bienvenue.bretagne.bzh\/temoignage\/daniel-manzoni-de-almeida\/#primaryimage\"},\"thumbnailUrl\":\"https:\/\/bienvenue.bretagne.bzh\/app\/uploads\/2021\/11\/Daniel-Manzoni-de-Almeida.png\",\"datePublished\":\"2022-03-11T13:04:18+00:00\",\"dateModified\":\"2022-03-11T13:04:19+00:00\",\"breadcrumb\":{\"@id\":\"https:\/\/msca-bienvenue.bretagne.bzh\/temoignage\/daniel-manzoni-de-almeida\/#breadcrumb\"},\"inLanguage\":\"fr-FR\",\"potentialAction\":[{\"@type\":\"ReadAction\",\"target\":[\"https:\/\/msca-bienvenue.bretagne.bzh\/temoignage\/daniel-manzoni-de-almeida\/\"]}]},{\"@type\":\"ImageObject\",\"inLanguage\":\"fr-FR\",\"@id\":\"https:\/\/msca-bienvenue.bretagne.bzh\/temoignage\/daniel-manzoni-de-almeida\/#primaryimage\",\"url\":\"https:\/\/bienvenue.bretagne.bzh\/app\/uploads\/2021\/11\/Daniel-Manzoni-de-Almeida.png\",\"contentUrl\":\"https:\/\/bienvenue.bretagne.bzh\/app\/uploads\/2021\/11\/Daniel-Manzoni-de-Almeida.png\",\"width\":720,\"height\":810},{\"@type\":\"BreadcrumbList\",\"@id\":\"https:\/\/msca-bienvenue.bretagne.bzh\/temoignage\/daniel-manzoni-de-almeida\/#breadcrumb\",\"itemListElement\":[{\"@type\":\"ListItem\",\"position\":1,\"name\":\"Home\",\"item\":\"https:\/\/bienvenue.bretagne.bzh\/fr\/\"},{\"@type\":\"ListItem\",\"position\":2,\"name\":\"Temoignages\",\"item\":\"https:\/\/msca-bienvenue.bretagne.bzh\/fr\/temoignage\/\"},{\"@type\":\"ListItem\",\"position\":3,\"name\":\"Daniel Manzoni de Almeida, travaille sur la sant\u00e9 publique et l&#8217;\u00e9ducation scientifique\"}]},{\"@type\":\"WebSite\",\"@id\":\"https:\/\/msca-bienvenue.bretagne.bzh\/#website\",\"url\":\"https:\/\/msca-bienvenue.bretagne.bzh\/\",\"name\":\"BIENVEN\u00dcE\",\"description\":\"Welcoming talented international post-docs in Brittany.\",\"potentialAction\":[{\"@type\":\"SearchAction\",\"target\":{\"@type\":\"EntryPoint\",\"urlTemplate\":\"https:\/\/msca-bienvenue.bretagne.bzh\/?s={search_term_string}\"},\"query-input\":{\"@type\":\"PropertyValueSpecification\",\"valueRequired\":true,\"valueName\":\"search_term_string\"}}],\"inLanguage\":\"fr-FR\"}]}<\/script>\n<!-- \/ Yoast SEO plugin. -->","yoast_head_json":{"title":"Daniel Manzoni de Almeida, travaille sur la sant\u00e9 publique et l'\u00e9ducation scientifique &#183; BIENVEN\u00dcE","robots":{"index":"index","follow":"follow","max-snippet":"max-snippet:-1","max-image-preview":"max-image-preview:large","max-video-preview":"max-video-preview:-1"},"canonical":"https:\/\/msca-bienvenue.bretagne.bzh\/temoignage\/daniel-manzoni-de-almeida\/","og_locale":"fr_FR","og_type":"article","og_title":"Daniel Manzoni de Almeida, travaille sur la sant\u00e9 publique et l'\u00e9ducation scientifique &#183; BIENVEN\u00dcE","og_url":"https:\/\/msca-bienvenue.bretagne.bzh\/temoignage\/daniel-manzoni-de-almeida\/","og_site_name":"BIENVEN\u00dcE","article_modified_time":"2022-03-11T13:04:19+00:00","og_image":[{"width":720,"height":810,"url":"https:\/\/msca-bienvenue.bretagne.bzh\/app\/uploads\/2021\/11\/Daniel-Manzoni-de-Almeida.png","type":"image\/png"}],"twitter_card":"summary_large_image","schema":{"@context":"https:\/\/schema.org","@graph":[{"@type":"WebPage","@id":"https:\/\/msca-bienvenue.bretagne.bzh\/temoignage\/daniel-manzoni-de-almeida\/","url":"https:\/\/msca-bienvenue.bretagne.bzh\/temoignage\/daniel-manzoni-de-almeida\/","name":"Daniel Manzoni de Almeida, travaille sur la sant\u00e9 publique et l'\u00e9ducation scientifique &#183; BIENVEN\u00dcE","isPartOf":{"@id":"https:\/\/msca-bienvenue.bretagne.bzh\/#website"},"primaryImageOfPage":{"@id":"https:\/\/msca-bienvenue.bretagne.bzh\/temoignage\/daniel-manzoni-de-almeida\/#primaryimage"},"image":{"@id":"https:\/\/msca-bienvenue.bretagne.bzh\/temoignage\/daniel-manzoni-de-almeida\/#primaryimage"},"thumbnailUrl":"https:\/\/bienvenue.bretagne.bzh\/app\/uploads\/2021\/11\/Daniel-Manzoni-de-Almeida.png","datePublished":"2022-03-11T13:04:18+00:00","dateModified":"2022-03-11T13:04:19+00:00","breadcrumb":{"@id":"https:\/\/msca-bienvenue.bretagne.bzh\/temoignage\/daniel-manzoni-de-almeida\/#breadcrumb"},"inLanguage":"fr-FR","potentialAction":[{"@type":"ReadAction","target":["https:\/\/msca-bienvenue.bretagne.bzh\/temoignage\/daniel-manzoni-de-almeida\/"]}]},{"@type":"ImageObject","inLanguage":"fr-FR","@id":"https:\/\/msca-bienvenue.bretagne.bzh\/temoignage\/daniel-manzoni-de-almeida\/#primaryimage","url":"https:\/\/bienvenue.bretagne.bzh\/app\/uploads\/2021\/11\/Daniel-Manzoni-de-Almeida.png","contentUrl":"https:\/\/bienvenue.bretagne.bzh\/app\/uploads\/2021\/11\/Daniel-Manzoni-de-Almeida.png","width":720,"height":810},{"@type":"BreadcrumbList","@id":"https:\/\/msca-bienvenue.bretagne.bzh\/temoignage\/daniel-manzoni-de-almeida\/#breadcrumb","itemListElement":[{"@type":"ListItem","position":1,"name":"Home","item":"https:\/\/bienvenue.bretagne.bzh\/fr\/"},{"@type":"ListItem","position":2,"name":"Temoignages","item":"https:\/\/msca-bienvenue.bretagne.bzh\/fr\/temoignage\/"},{"@type":"ListItem","position":3,"name":"Daniel Manzoni de Almeida, travaille sur la sant\u00e9 publique et l&#8217;\u00e9ducation scientifique"}]},{"@type":"WebSite","@id":"https:\/\/msca-bienvenue.bretagne.bzh\/#website","url":"https:\/\/msca-bienvenue.bretagne.bzh\/","name":"BIENVEN\u00dcE","description":"Welcoming talented international post-docs in Brittany.","potentialAction":[{"@type":"SearchAction","target":{"@type":"EntryPoint","urlTemplate":"https:\/\/msca-bienvenue.bretagne.bzh\/?s={search_term_string}"},"query-input":{"@type":"PropertyValueSpecification","valueRequired":true,"valueName":"search_term_string"}}],"inLanguage":"fr-FR"}]}},"_links":{"self":[{"href":"https:\/\/bienvenue.bretagne.bzh\/fr\/wp-json\/wp\/v2\/temoignage\/2561","targetHints":{"allow":["GET"]}}],"collection":[{"href":"https:\/\/bienvenue.bretagne.bzh\/fr\/wp-json\/wp\/v2\/temoignage"}],"about":[{"href":"https:\/\/bienvenue.bretagne.bzh\/fr\/wp-json\/wp\/v2\/types\/temoignage"}],"wp:featuredmedia":[{"embeddable":true,"href":"https:\/\/bienvenue.bretagne.bzh\/fr\/wp-json\/wp\/v2\/media\/2343"}],"wp:attachment":[{"href":"https:\/\/bienvenue.bretagne.bzh\/fr\/wp-json\/wp\/v2\/media?parent=2561"}],"curies":[{"name":"wp","href":"https:\/\/api.w.org\/{rel}","templated":true}]}}